{"id":4438,"date":"2026-07-22T16:54:12","date_gmt":"2026-07-22T14:54:12","guid":{"rendered":"https:\/\/2026.mensch-und-kommunikation.de\/?page_id=4438"},"modified":"2026-07-22T16:54:12","modified_gmt":"2026-07-22T14:54:12","slug":"rhetoric-presentation-3","status":"publish","type":"page","link":"https:\/\/2026.mensch-und-kommunikation.de\/en\/rhetoric-presentation-3\/","title":{"rendered":"Rhetoric &amp; Presentation"},"content":{"rendered":"<section id=\"block_f64dab11da720ce73690fbbfa9f0c877\" class=\"block header bg-no layout-1\">\n\n    <div class=\"container py-0 mt-0\">\n\n                <img loading=\"lazy\" decoding=\"async\" width=\"1920\" height=\"935\" src=\"https:\/\/2026.mensch-und-kommunikation.de\/wp-content\/uploads\/2026\/07\/rethorik-hero.webp\" class=\"d-none d-md-block\" alt=\"Eine l\u00e4chelnde Frau, die ein Tablet in der Hand h\u00e4lt, steht vor einer Gruppe und scheint eine Pr\u00e4sentation zu halten \u2013 eine ideale Szene f\u00fcr das \u201eRhetoriktraining f\u00fcr Fach- und F\u00fchrungskr\u00e4fte\u201c. Der Hintergrund ist hell und mit gr\u00fcnen Formen gestaltet, im Vordergrund sind Menschen zu sehen, die aufmerksam zuh\u00f6ren.\" srcset=\"https:\/\/2026.mensch-und-kommunikation.de\/wp-content\/uploads\/2026\/07\/rethorik-hero.webp 1920w, https:\/\/2026.mensch-und-kommunikation.de\/wp-content\/uploads\/2026\/07\/rethorik-hero-300x146.webp 300w, https:\/\/2026.mensch-und-kommunikation.de\/wp-content\/uploads\/2026\/07\/rethorik-hero-1024x499.webp 1024w, https:\/\/2026.mensch-und-kommunikation.de\/wp-content\/uploads\/2026\/07\/rethorik-hero-768x374.webp 768w, https:\/\/2026.mensch-und-kommunikation.de\/wp-content\/uploads\/2026\/07\/rethorik-hero-1536x748.webp 1536w, https:\/\/2026.mensch-und-kommunikation.de\/wp-content\/uploads\/2026\/07\/rethorik-hero-660x321.webp 660w, https:\/\/2026.mensch-und-kommunikation.de\/wp-content\/uploads\/2026\/07\/rethorik-hero-545x266.webp 545w, https:\/\/2026.mensch-und-kommunikation.de\/wp-content\/uploads\/2026\/07\/rethorik-hero-640x312.webp 640w, https:\/\/2026.mensch-und-kommunikation.de\/wp-content\/uploads\/2026\/07\/rethorik-hero-880x429.webp 880w, https:\/\/2026.mensch-und-kommunikation.de\/wp-content\/uploads\/2026\/07\/rethorik-hero-260x127.webp 260w\" sizes=\"auto, (max-width: 1920px) 100vw, 1920px\" \/>\n                    <img loading=\"lazy\" decoding=\"async\" width=\"660\" height=\"916\" src=\"https:\/\/2026.mensch-und-kommunikation.de\/wp-content\/uploads\/2025\/06\/header-muk-rethoriktraining-mobil.webp\" class=\"d-md-none\" alt=\"Smiling woman in a gray suit stands with her palm up as if presenting, against a light background with curved orange and blue lines\u2014ideal for illustrating presentation training for specialists and managers.\" srcset=\"https:\/\/2026.mensch-und-kommunikation.de\/wp-content\/uploads\/2025\/06\/header-muk-rethoriktraining-mobil.webp 660w, https:\/\/2026.mensch-und-kommunikation.de\/wp-content\/uploads\/2025\/06\/header-muk-rethoriktraining-mobil-216x300.webp 216w, https:\/\/2026.mensch-und-kommunikation.de\/wp-content\/uploads\/2025\/06\/header-muk-rethoriktraining-mobil-640x888.webp 640w, https:\/\/2026.mensch-und-kommunikation.de\/wp-content\/uploads\/2025\/06\/header-muk-rethoriktraining-mobil-260x361.webp 260w\" sizes=\"auto, (max-width: 660px) 100vw, 660px\" \/>        <div class=\"row h-100 \">\n            <div class=\"align-self-md-center col-md-5 textbox\">\n                <div>\n                <h1><span class=\"textbg-inner\">Rhetoriktraining<\/span> f\u00fcr \u00fcberzeugende Kommunikation und souver\u00e4nes Auftreten<\/h1>\n<p>Klar sprechen. Wirkungsvoll argumentieren. Mit Pers\u00f6nlichkeit \u00fcberzeugen.<\/p>\n                <\/div>\n            <\/div>\n            \n                    <\/div>\n    <\/div>\n<\/section>\n\n\n<div class=\"reusable-block block reusable-bg-no\">\n  \n<section id=\"block_ee1b3c6d4118e917d3ecc74cdd208ee7\" class=\"block navigation\">\n    <div class=\"container pt-normal pb-normal bg-no\">\n        <div class=\"row mx-0\">\n        \n            <div class=\"col-md-6 col-lg\">\n                <a class=\"js-scroll-trigger\" href=\"#trainings\">Training solutions<\/a>\n            <\/div>\n            \n        \n            <div class=\"col-md-6 col-lg\">\n                <a class=\"js-scroll-trigger\" href=\"#learning formats\">Learning formats<\/a>\n            <\/div>\n            \n        \n            <div class=\"col-md-6 col-lg\">\n                <a class=\"js-scroll-trigger\" href=\"#team\">Advisory team<\/a>\n            <\/div>\n            \n        \n            <div class=\"col-md-6 col-lg\">\n                <a class=\"js-scroll-trigger\" href=\"#contact\">Contact us<\/a>\n            <\/div>\n            \n        \n            <div class=\"col-md-6 col-lg\">\n                <a class=\"js-scroll-trigger\" href=\"#faq\">FAQ<\/a>\n            <\/div>\n            \n                <\/div>                  \n    <\/div>\n<\/section>\n\n<\/div><section id=\"block_200f30d593e391f268d1c27721613bdd\" class=\"block zweispalter\">\n    <div class=\"container pt-0 pb-normal bg-no\">\n        <div class=\"row sameheightbox\">\n                   \n                <div class=\"col-12 mb-4\">\n                    <h2>Trainingsl\u00f6sungen zum Thema <span class=\"textbg-inner\">Rhetorik<\/span><\/h2>\n                <\/div>\n           \n                    <div class=\"col-lg-6 linke-spalte position-relative mb-5 mb-lg-0\">\n                <div class=\"module text \">\n        <p>In einer Welt voller Informationen ist es entscheidend, die eigene Botschaft klar und \u00fcberzeugend zu vermitteln. Ein professionelles Rhetoriktraining st\u00e4rkt Ihre F\u00e4higkeit, Inhalte strukturiert aufzubereiten, Ihre Argumente wirkungsvoll zu pr\u00e4sentieren und mit authentischer Pr\u00e4senz zu \u00fcberzeugen.<\/p>\n\n    <\/div>            <\/div>\n            <div class=\"col-lg-6 rechte-spalte position-relative\">\n                <div class=\"module text \">\n        <p><strong>Warum unsere Rhetoriktrainings?<\/strong><\/p>\n<ul class=\"blue-arrow\">\n<li><strong>Individuelle Trainingsformate:<\/strong><br \/>\nPr\u00e4senz, virtuell oder blended \u2013 passend zu Ihren Bed\u00fcrfnissen<\/li>\n<li><strong>Erfahrene Trainer*innen:<\/strong><br \/>\nExperten mit fundierter Praxiserfahrung in Kommunikation und F\u00fchrung<\/li>\n<li><strong>Nachhaltiger Lernerfolg:<\/strong><br \/>\nPraxisnahe \u00dcbungen und direkt umsetzbare Techniken<\/li>\n<li><strong>Flexibilit\u00e4t:<\/strong><br \/>\nAnpassung der Trainingsinhalte an Ihre unternehmensspezifischen Herausforderungen<\/li>\n<\/ul>\n\n    <\/div>            <\/div>\n                    <\/div>\n    <\/div>\n<\/section>\n\n<section id=\"block_24642c76ff1547a67a6338e51f74c988\" class=\"block zweispalter\">\n    <div class=\"container pt-normal pb-0 bg-no\">\n        <div class=\"row sameheightbox\">\n                    <div class=\"col-lg-6 linke-spalte position-relative mb-5 mb-lg-0\">\n                <img loading=\"lazy\" decoding=\"async\" width=\"640\" height=\"494\" src=\"https:\/\/2026.mensch-und-kommunikation.de\/wp-content\/uploads\/2025\/03\/Group-189-640x494.png\" class=\"attachment-zweispalter size-zweispalter\" alt=\"Zwei Frauen l\u00e4cheln in die Kamera \u2013 eine mit langen braunen Haaren, gemustertem Hemd und Jeans, die andere mit kurzen grauen Haaren und gestreiftem Hemd \u2013 vor einem Hintergrund mit \u00fcberlappenden gr\u00fcnen und blaugr\u00fcnen Kreisen und machen Werbung f\u00fcr \u201eWeiterbildung f\u00fcr F\u00fchrung und Kommunikation\u201c.\" srcset=\"https:\/\/2026.mensch-und-kommunikation.de\/wp-content\/uploads\/2025\/03\/Group-189-640x494.png 640w, https:\/\/2026.mensch-und-kommunikation.de\/wp-content\/uploads\/2025\/03\/Group-189-300x231.png 300w, https:\/\/2026.mensch-und-kommunikation.de\/wp-content\/uploads\/2025\/03\/Group-189-768x592.png 768w, https:\/\/2026.mensch-und-kommunikation.de\/wp-content\/uploads\/2025\/03\/Group-189-660x509.png 660w, https:\/\/2026.mensch-und-kommunikation.de\/wp-content\/uploads\/2025\/03\/Group-189-880x679.png 880w, https:\/\/2026.mensch-und-kommunikation.de\/wp-content\/uploads\/2025\/03\/Group-189-260x200.png 260w, https:\/\/2026.mensch-und-kommunikation.de\/wp-content\/uploads\/2025\/03\/Group-189.png 948w\" sizes=\"auto, (max-width: 640px) 100vw, 640px\" \/>            <\/div>\n            <div class=\"col-lg-6 rechte-spalte position-relative\">\n                <div class=\"module text \">\n        <h2><span class=\"textbg-inner\">Fokusfelder<\/span> &amp; gezielte <span class=\"textbg-inner\">Trainingsl\u00f6sungen<\/span><\/h2>\n<p>Wirkungsvolle Kommunikation beginnt beim Inhalt \u2013 und zeigt sich im Ausdruck.<br \/>\nUnsere Trainings im Bereich Rhetorik vermitteln nicht nur sprachliche Techniken, sondern st\u00e4rken Ausdruckskraft, Argumentationsf\u00e4higkeit und authentische \u00dcberzeugung.<\/p>\n<p>Ob Gespr\u00e4ch mit Kunden, Verhandlung mit Partnern oder Rede vor gro\u00dfem Publikum:<br \/>\nWir machen Menschen h\u00f6rbar \u2013 mit einer Sprache, die \u00fcberzeugt, und einem Auftritt, der Wirkung zeigt.<\/p>\n\n    <\/div>            <\/div>\n                    <\/div>\n    <\/div>\n<\/section>\n\n<section id=\"trainings\" class=\"block textbild-kacheln\">\n    <div class=\"container pt-0 pb-normal bg-no\">\n\n       \n   \n                                    <div class=\"item row\">\n                        <div class=\"col-lg-8 textcol\">\n                        <h3>Grundlagen der Rhetorik und Kommunikation<\/h3>\n<ul class=\"blue-arrow-linklist\">\n<li><a href=\"https:\/\/2026.mensch-und-kommunikation.de\/seminar\/souveraen-praesentieren\/\">Souver\u00e4n pr\u00e4sentieren: Bausteine erfolgreicher Rhetorik und Pr\u00e4sentation<\/a><br \/>\nVermittlung grundlegender Pr\u00e4sentationsf\u00e4higkeiten mit Fokus auf Rhetorik, K\u00f6rpersprache und strukturiertem Aufbau.<\/li>\n<li><a href=\"https:\/\/2026.mensch-und-kommunikation.de\/seminar\/kommunikation-auf-den-punkt\/\">Klartext: Kommunikation auf den Punkt gebracht!<\/a><br \/>\nEntwicklung klarer und pr\u00e4ziser Kommunikationsstrategien f\u00fcr m\u00fcndliche und schriftliche Ausdrucksformen<\/li>\n<li><a href=\"https:\/\/2026.mensch-und-kommunikation.de\/seminar\/die-kunst-des-ueberzeugens\/\">Die Kunst des \u00dcberzeugens<\/a><br \/>\nErarbeitung effektiver Argumentationstechniken zur Steigerung der \u00dcberzeugungskraft in verschiedenen Gespr\u00e4chssituationen.<\/li>\n<\/ul>\n                        <\/div>\n                        <div class=\"col-lg-4 bildcol\">\n                        <img loading=\"lazy\" decoding=\"async\" width=\"397\" height=\"559\" src=\"https:\/\/2026.mensch-und-kommunikation.de\/wp-content\/uploads\/2025\/05\/fokusfeld-rhetorik-1.jpg\" class=\"attachment-zweispalter size-zweispalter\" alt=\"Illustration of a woman and a man walking away from each other within two overlapping circles, one green and one orange, on a red-orange background. Their shadows are visible beneath them.\" srcset=\"https:\/\/2026.mensch-und-kommunikation.de\/wp-content\/uploads\/2025\/05\/fokusfeld-rhetorik-1.jpg 397w, https:\/\/2026.mensch-und-kommunikation.de\/wp-content\/uploads\/2025\/05\/fokusfeld-rhetorik-1-213x300.jpg 213w, https:\/\/2026.mensch-und-kommunikation.de\/wp-content\/uploads\/2025\/05\/fokusfeld-rhetorik-1-260x366.jpg 260w\" sizes=\"auto, (max-width: 397px) 100vw, 397px\" \/>                        <\/div>\n                    <\/div>\n                                    <div class=\"item row\">\n                        <div class=\"col-lg-8 textcol\">\n                        <h3>Strategische Kommunikation und Entscheidungspr\u00e4sentation<\/h3>\n<ul class=\"blue-arrow-linklist\">\n<li><a href=\"https:\/\/2026.mensch-und-kommunikation.de\/seminar\/entscheidungsvorlagen-praesentieren\/\">Entscheidungsvorlagen wirkungsvoll vorbereiten und pr\u00e4sentieren<\/a><br \/>\nKomplexe Inhalte verst\u00e4ndlich, zielgerichtet und \u00fcberzeugend aufbereiten.<\/li>\n<li><a href=\"https:\/\/2026.mensch-und-kommunikation.de\/seminar\/seminar-pyramidal-kommunizieren\/\">Pyramidales Kommunizieren<\/a><br \/>\nAnwendung des pyramidalen Prinzips zur klaren und logischen Darstellung von Konzepten und Ideen.<\/li>\n<\/ul>\n                        <\/div>\n                        <div class=\"col-lg-4 bildcol\">\n                        <img loading=\"lazy\" decoding=\"async\" width=\"397\" height=\"559\" src=\"https:\/\/2026.mensch-und-kommunikation.de\/wp-content\/uploads\/2025\/05\/fokusfeld-rhetorik-2.jpg\" class=\"attachment-zweispalter size-zweispalter\" alt=\"Three people walk in different directions on an orange surface with overlapping transparent circles of pink, green, and blue, each person standing inside a separate circle, casting distinct shadows.\" srcset=\"https:\/\/2026.mensch-und-kommunikation.de\/wp-content\/uploads\/2025\/05\/fokusfeld-rhetorik-2.jpg 397w, https:\/\/2026.mensch-und-kommunikation.de\/wp-content\/uploads\/2025\/05\/fokusfeld-rhetorik-2-213x300.jpg 213w, https:\/\/2026.mensch-und-kommunikation.de\/wp-content\/uploads\/2025\/05\/fokusfeld-rhetorik-2-260x366.jpg 260w\" sizes=\"auto, (max-width: 397px) 100vw, 397px\" \/>                        <\/div>\n                    <\/div>\n                                    <div class=\"item row\">\n                        <div class=\"col-lg-8 textcol\">\n                        <h3>Virtuelle Pr\u00e4sentation und digitale \u00dcberzeugungskraft<\/h3>\n<ul class=\"blue-arrow-linklist\">\n<li><a href=\"https:\/\/2026.mensch-und-kommunikation.de\/seminar\/virtuell-prasentieren-seminar\/\">Virtuell pitchen, pr\u00e4sentieren, \u00fcberzeugen<\/a><br \/>\nOptimierung der virtuellen Pr\u00e4sentationsf\u00e4higkeiten mit Fokus auf Pr\u00e4senz, Interaktion und technische Umsetzung<\/li>\n<\/ul>\n                        <\/div>\n                        <div class=\"col-lg-4 bildcol\">\n                        <img loading=\"lazy\" decoding=\"async\" width=\"397\" height=\"559\" src=\"https:\/\/2026.mensch-und-kommunikation.de\/wp-content\/uploads\/2025\/05\/fokusfeld-rhetorik-3.jpg\" class=\"attachment-zweispalter size-zweispalter\" alt=\"A person with long hair, wearing a blue jacket and backpack, walks across an orange background with a large light orange circle, casting a shadow.\" srcset=\"https:\/\/2026.mensch-und-kommunikation.de\/wp-content\/uploads\/2025\/05\/fokusfeld-rhetorik-3.jpg 397w, https:\/\/2026.mensch-und-kommunikation.de\/wp-content\/uploads\/2025\/05\/fokusfeld-rhetorik-3-213x300.jpg 213w, https:\/\/2026.mensch-und-kommunikation.de\/wp-content\/uploads\/2025\/05\/fokusfeld-rhetorik-3-260x366.jpg 260w\" sizes=\"auto, (max-width: 397px) 100vw, 397px\" \/>                        <\/div>\n                    <\/div>\n                                    <div class=\"item row\">\n                        <div class=\"col-lg-8 textcol\">\n                        <h3>Storytelling und emotionale Ansprache<\/h3>\n<ul class=\"blue-arrow-linklist\">\n<li><a href=\"https:\/\/2026.mensch-und-kommunikation.de\/seminar\/storytelling-training\/\">Storytelling im Business<\/a><br \/>\nEinsatz narrativer Techniken zur emotionalen Ansprache und nachhaltigen Vermittlung von Botschaften im beruflichen Kontext.<\/li>\n<\/ul>\n<p>&nbsp;<\/p>\n                        <\/div>\n                        <div class=\"col-lg-4 bildcol\">\n                        <img loading=\"lazy\" decoding=\"async\" width=\"397\" height=\"559\" src=\"https:\/\/2026.mensch-und-kommunikation.de\/wp-content\/uploads\/2025\/05\/fokusfeld-rhetorik-4.jpg\" class=\"attachment-zweispalter size-zweispalter\" alt=\"An overhead view of three people walking in different directions on a colorful background with large overlapping green, peach, and teal circles casting long shadows.\" srcset=\"https:\/\/2026.mensch-und-kommunikation.de\/wp-content\/uploads\/2025\/05\/fokusfeld-rhetorik-4.jpg 397w, https:\/\/2026.mensch-und-kommunikation.de\/wp-content\/uploads\/2025\/05\/fokusfeld-rhetorik-4-213x300.jpg 213w, https:\/\/2026.mensch-und-kommunikation.de\/wp-content\/uploads\/2025\/05\/fokusfeld-rhetorik-4-260x366.jpg 260w\" sizes=\"auto, (max-width: 397px) 100vw, 397px\" \/>                        <\/div>\n                    <\/div>\n                      \n    <\/div>\n<\/section>\n\n\n<div class=\"reusable-block block reusable-bg-no\">\n  <section id=\"learning formats\" class=\"block dreispalter\">\n   \n    <div class=\"container pt-normal pb-normal bg-no\">\n\n       \n        <div class=\"row sameheightbox\">\n                   \n           <div class=\"col-lg-5 mb-4\">\n               <h2><span class=\"textbg-inner\">Learning formats<\/span><\/h2>\n<p>Scalable. Flexible. Hybrid. Our learning formats adapt to your teams, technologies and development goals &#8211; whether digital, face-to-face or combined.   <\/p>\n           <\/div>\n      <div class=\"w-100\"><\/div>\n               <div class=\"col-lg-4 linke-spalte position-relative mb-5 mb-lg-0\">\n                <div class=\"module text-icon sameheightitem\">\n   <div class=\"row\">\n        <div class=\"col-2 pe-0\">\n        <img loading=\"lazy\" decoding=\"async\" width=\"1\" height=\"1\" src=\"https:\/\/2026.mensch-und-kommunikation.de\/wp-content\/uploads\/2025\/04\/Group-359.svg\" class=\"attachment-logo size-logo\" alt=\"\" \/>        <\/div>\n        <div class=\"col-10 ps-4\">\n        <h3>Live Online Training<\/h3>\n<p>Virtual classroom training &#8211; interactive and lively via your preferred conference tool.<\/p>\n        <\/div>\n   <\/div>\n<\/div><div class=\"module text-icon sameheightitem\">\n   <div class=\"row\">\n        <div class=\"col-2 pe-0\">\n        <img loading=\"lazy\" decoding=\"async\" width=\"1\" height=\"1\" src=\"https:\/\/2026.mensch-und-kommunikation.de\/wp-content\/uploads\/2025\/04\/Group-362.svg\" class=\"attachment-logo size-logo\" alt=\"Ein blaues kreisf\u00f6rmiges Symbol mit einem wei\u00dfen Umriss eines Computermonitors, auf dem ein offenes Buch angezeigt wird, das Online-Lernen oder digitales F\u00fchrungstraining f\u00fcr F\u00fchrungskr\u00e4fte symbolisiert.\" \/>        <\/div>\n        <div class=\"col-10 ps-4\">\n        <h3>eLearning on Demand<\/h3>\n<p>Asynchronous self-learning via Blanchard Exchange or the customer&#8217;s own LMS &#8211; available at any time.<\/p>\n        <\/div>\n   <\/div>\n<\/div>            <\/div>\n            <div class=\"col-lg-4 mittlere-spalte position-relative mb-5 mb-lg-0\">\n                <div class=\"module text-icon sameheightitem\">\n   <div class=\"row\">\n        <div class=\"col-2 pe-0\">\n        <img loading=\"lazy\" decoding=\"async\" width=\"1\" height=\"1\" src=\"https:\/\/2026.mensch-und-kommunikation.de\/wp-content\/uploads\/2025\/04\/Group-360.svg\" class=\"attachment-logo size-logo\" alt=\"Ein blaues kreisf\u00f6rmiges Symbol mit dem wei\u00dfen Umriss einer Pr\u00e4sentationsstaffelei in der Mitte symbolisiert F\u00fchrungstraining f\u00fcr F\u00fchrungskr\u00e4fte. Der Hintergrund zeigt \u00fcberlappende blaue und blaugr\u00fcne Kreisformen.\" \/>        <\/div>\n        <div class=\"col-10 ps-4\">\n        <h3>Classroom training<\/h3>\n<p>Classic group training with direct exchange in the seminar room.<\/p>\n        <\/div>\n   <\/div>\n<\/div><div class=\"module text-icon sameheightitem\">\n   <div class=\"row\">\n        <div class=\"col-2 pe-0\">\n        <img loading=\"lazy\" decoding=\"async\" width=\"1\" height=\"1\" src=\"https:\/\/2026.mensch-und-kommunikation.de\/wp-content\/uploads\/2025\/04\/Group-363.svg\" class=\"attachment-logo size-logo\" alt=\"Ein blaues kreisf\u00f6rmiges Symbol mit dem wei\u00dfen Umriss einer Person und einem H\u00e4kchen \u00fcber der rechten Schulter, das die Benutzerverifizierung oder Kontogenehmigung symbolisiert \u2013 ideal f\u00fcr Plattformen, die F\u00fchrungstraining f\u00fcr F\u00fchrungskr\u00e4fte anbieten.\" \/>        <\/div>\n        <div class=\"col-10 ps-4\">\n        <h3>Coaching (face-to-face or virtual)<\/h3>\n<p>Intensive 1:1 learning &#8211; individual, event-related and possible in person or digitally.<\/p>\n        <\/div>\n   <\/div>\n<\/div>            <\/div>\n            <div class=\"col-lg-4 rechte-spalte position-relative\">\n                <div class=\"module text-icon sameheightitem\">\n   <div class=\"row\">\n        <div class=\"col-2 pe-0\">\n        <img loading=\"lazy\" decoding=\"async\" width=\"1\" height=\"1\" src=\"https:\/\/2026.mensch-und-kommunikation.de\/wp-content\/uploads\/2025\/04\/Group-361.svg\" class=\"attachment-logo size-logo\" alt=\"Ein blaues, kreisf\u00f6rmiges Symbol mit dem wei\u00dfen Umriss eines Laptops, auf dessen Bildschirm eine Wiedergabetaste angezeigt wird, symbolisiert Videoinhalte oder Online-Streaming f\u00fcr F\u00fchrungstraining f\u00fcr F\u00fchrungskr\u00e4fte.\" \/>        <\/div>\n        <div class=\"col-10 ps-4\">\n        <h3>Interactive webinar<\/h3>\n<p>Live training format with a high number of participants and direct involvement.<\/p>\n        <\/div>\n   <\/div>\n<\/div><div class=\"module text \">\n        <p><a class=\"btn btn-primary\" href=\"https:\/\/2026.mensch-und-kommunikation.de\/en\/learning-formats\/\">To the learning formats<\/a><\/p>\n\n    <\/div>            <\/div>\n                    <\/div>\n    <\/div>\n<\/section>\n\n<\/div>\n<div class=\"reusable-block block reusable-bg-no\">\n  <section id=\"block_23a580192c01161fb726f9c03e8ec355\" class=\"block zweispalter\">\n    <div class=\"container pt-normal pb-normal bg-light\">\n        <div class=\"row sameheightbox\">\n                    <div class=\"col-lg-6 linke-spalte position-relative mb-5 mb-lg-0\">\n                <div class=\"module text \">\n        <h2>Development programs &#8211; complete <span class=\"textbg-inner\">learning journeys<\/span><\/h2>\n<p>Learning journeys are more than just training courses. They are strategically designed development paths that enable employees and managers to anchor new patterns of thought and action step by step. <\/p>\n<p>With our modular programs, we design learning processes that are precisely tailored to your corporate goals and target groups &#8211; whether compact or over several months, in person, digitally or hybrid.<\/p>\n<p><strong>Your advantages<\/strong><\/p>\n<ul class=\"blue-arrow\">\n<li><strong>Customized development<\/strong>: Individual learning content &#8211; perfectly tailored to your roles, challenges and goals.<\/li>\n<li><strong>Sustainable anchoring of knowledge:<\/strong> didactically well thought-out learning architecture with various formats for effective and long-term learning.<\/li>\n<li><strong>Flexible further training:<\/strong> Time-efficient, scalable and can be integrated directly into everyday working life &#8211; whether for individuals or entire teams.<\/li>\n<\/ul>\n<p><a class=\"btn btn-primary\" href=\"https:\/\/2026.mensch-und-kommunikation.de\/projekte\/\">To the project examples<\/a><\/p>\n\n    <\/div>            <\/div>\n            <div class=\"col-lg-6 rechte-spalte position-relative\">\n                <img loading=\"lazy\" decoding=\"async\" width=\"483\" height=\"569\" src=\"https:\/\/2026.mensch-und-kommunikation.de\/wp-content\/uploads\/2025\/04\/Subtraction-17.jpg\" class=\"attachment-zweispalter size-zweispalter\" alt=\"\" srcset=\"https:\/\/2026.mensch-und-kommunikation.de\/wp-content\/uploads\/2025\/04\/Subtraction-17.jpg 483w, https:\/\/2026.mensch-und-kommunikation.de\/wp-content\/uploads\/2025\/04\/Subtraction-17-255x300.jpg 255w, https:\/\/2026.mensch-und-kommunikation.de\/wp-content\/uploads\/2025\/04\/Subtraction-17-260x306.jpg 260w, https:\/\/2026.mensch-und-kommunikation.de\/wp-content\/uploads\/2025\/04\/Subtraction-17-81x95.jpg 81w\" sizes=\"auto, (max-width: 483px) 100vw, 483px\" \/>            <\/div>\n                    <\/div>\n    <\/div>\n<\/section>\n\n<\/div><section id=\"team\" class=\"block zweispalter\">\n    <div class=\"container pt-normal pb-normal bg-no\">\n        <div class=\"row sameheightbox\">\n                    <div class=\"col-lg-6 linke-spalte position-relative mb-5 mb-lg-0\">\n                <div class=\"module text \">\n        <h2>Your <span class=\"textbg-inner\">consulting team<\/span><\/h2>\n<p><a class=\"btn btn-primary\" href=\"#\">To the team<\/a><\/p>\n\n    <\/div>            <\/div>\n            <div class=\"col-lg-6 rechte-spalte position-relative\">\n                <div class=\"modul team-slider row\">\n\n<div class=\"col-lg-10 mb-2 mb-lg-0\">\n<div class=\"slider slider-1\" id=\"slider-4438\" data-slick='{\"arrows\": false, \"autoplay\": false, \"slidesToShow\": 1, \"asNavFor\": \"#slider-4438-2\"}'>   \n                           <div class=\"item\">\n     \n               <img loading=\"lazy\" decoding=\"async\" width=\"516\" height=\"516\" src=\"https:\/\/2026.mensch-und-kommunikation.de\/wp-content\/uploads\/2025\/03\/Vincent-Aretz-1-516x516.webp\" class=\"attachment-quadrat size-quadrat\" alt=\"Vincent Aretz. ein Mann mit langen, zur\u00fcckgebundenen Haaren und einem kurzen Bart l\u00e4chelt in die Kamera. Er tr\u00e4gt einen dunklen Pullover \u00fcber einem wei\u00dfen Kragenhemd und steht vor einer strukturierten, verwitterten Wand.\" srcset=\"https:\/\/2026.mensch-und-kommunikation.de\/wp-content\/uploads\/2025\/03\/Vincent-Aretz-1-516x516.webp 516w, https:\/\/2026.mensch-und-kommunikation.de\/wp-content\/uploads\/2025\/03\/Vincent-Aretz-1-300x300.webp 300w, https:\/\/2026.mensch-und-kommunikation.de\/wp-content\/uploads\/2025\/03\/Vincent-Aretz-1-1024x1024.webp 1024w, https:\/\/2026.mensch-und-kommunikation.de\/wp-content\/uploads\/2025\/03\/Vincent-Aretz-1-150x150.webp 150w, https:\/\/2026.mensch-und-kommunikation.de\/wp-content\/uploads\/2025\/03\/Vincent-Aretz-1-768x768.webp 768w, https:\/\/2026.mensch-und-kommunikation.de\/wp-content\/uploads\/2025\/03\/Vincent-Aretz-1-660x660.webp 660w, https:\/\/2026.mensch-und-kommunikation.de\/wp-content\/uploads\/2025\/03\/Vincent-Aretz-1-640x640.webp 640w, https:\/\/2026.mensch-und-kommunikation.de\/wp-content\/uploads\/2025\/03\/Vincent-Aretz-1-880x880.webp 880w, https:\/\/2026.mensch-und-kommunikation.de\/wp-content\/uploads\/2025\/03\/Vincent-Aretz-1-260x260.webp 260w, https:\/\/2026.mensch-und-kommunikation.de\/wp-content\/uploads\/2025\/03\/Vincent-Aretz-1.webp 1500w\" sizes=\"auto, (max-width: 516px) 100vw, 516px\" \/>\n                    <div><p class=\"h4\">Vincent Aretz<\/p>\n\n                    L&#038;D Specialist             <\/div>\n               <\/div>\n\t\t                   <div class=\"item\">\n     \n               <img loading=\"lazy\" decoding=\"async\" width=\"516\" height=\"516\" src=\"https:\/\/2026.mensch-und-kommunikation.de\/wp-content\/uploads\/2025\/04\/Nina-Mueller-1-516x516.webp\" class=\"attachment-quadrat size-quadrat\" alt=\"Eine selbstbewusste Frau, Nina M\u00fcller, mit kurzen blonden Haaren und schwarzer Brille steht drinnen, tr\u00e4gt ein schwarzes kurz\u00e4rmeliges Hemd mit Kn\u00f6pfen und eine schwarze Hose, l\u00e4chelt leicht und hat die H\u00e4nde in den Taschen.\" srcset=\"https:\/\/2026.mensch-und-kommunikation.de\/wp-content\/uploads\/2025\/04\/Nina-Mueller-1-516x516.webp 516w, https:\/\/2026.mensch-und-kommunikation.de\/wp-content\/uploads\/2025\/04\/Nina-Mueller-1-300x300.webp 300w, https:\/\/2026.mensch-und-kommunikation.de\/wp-content\/uploads\/2025\/04\/Nina-Mueller-1-1024x1024.webp 1024w, https:\/\/2026.mensch-und-kommunikation.de\/wp-content\/uploads\/2025\/04\/Nina-Mueller-1-150x150.webp 150w, https:\/\/2026.mensch-und-kommunikation.de\/wp-content\/uploads\/2025\/04\/Nina-Mueller-1-768x768.webp 768w, https:\/\/2026.mensch-und-kommunikation.de\/wp-content\/uploads\/2025\/04\/Nina-Mueller-1-660x660.webp 660w, https:\/\/2026.mensch-und-kommunikation.de\/wp-content\/uploads\/2025\/04\/Nina-Mueller-1-640x640.webp 640w, https:\/\/2026.mensch-und-kommunikation.de\/wp-content\/uploads\/2025\/04\/Nina-Mueller-1-880x880.webp 880w, https:\/\/2026.mensch-und-kommunikation.de\/wp-content\/uploads\/2025\/04\/Nina-Mueller-1-260x260.webp 260w, https:\/\/2026.mensch-und-kommunikation.de\/wp-content\/uploads\/2025\/04\/Nina-Mueller-1.webp 1304w\" sizes=\"auto, (max-width: 516px) 100vw, 516px\" \/>\n                    <div><p class=\"h4\">Nina M\u00fcller<\/p>\n\n                    Senior L&#038;D Consultant             <\/div>\n               <\/div>\n\t\t                   <div class=\"item\">\n     \n               <img loading=\"lazy\" decoding=\"async\" width=\"516\" height=\"516\" src=\"https:\/\/2026.mensch-und-kommunikation.de\/wp-content\/uploads\/2025\/03\/Tanja-Test2-516x516.jpg\" class=\"attachment-quadrat size-quadrat\" alt=\"Eine Frau mit kurzen braunen Haaren, einer blauen Bluse und einem dunklen Blazer steht l\u00e4chelnd in einem gut beleuchteten Flur mit Kunstwerken und Fotos an den W\u00e4nden.\" srcset=\"https:\/\/2026.mensch-und-kommunikation.de\/wp-content\/uploads\/2025\/03\/Tanja-Test2-516x516.jpg 516w, https:\/\/2026.mensch-und-kommunikation.de\/wp-content\/uploads\/2025\/03\/Tanja-Test2-300x300.jpg 300w, https:\/\/2026.mensch-und-kommunikation.de\/wp-content\/uploads\/2025\/03\/Tanja-Test2-1024x1024.jpg 1024w, https:\/\/2026.mensch-und-kommunikation.de\/wp-content\/uploads\/2025\/03\/Tanja-Test2-150x150.jpg 150w, https:\/\/2026.mensch-und-kommunikation.de\/wp-content\/uploads\/2025\/03\/Tanja-Test2-768x768.jpg 768w, https:\/\/2026.mensch-und-kommunikation.de\/wp-content\/uploads\/2025\/03\/Tanja-Test2-1536x1536.jpg 1536w, https:\/\/2026.mensch-und-kommunikation.de\/wp-content\/uploads\/2025\/03\/Tanja-Test2-660x660.jpg 660w, https:\/\/2026.mensch-und-kommunikation.de\/wp-content\/uploads\/2025\/03\/Tanja-Test2-640x640.jpg 640w, https:\/\/2026.mensch-und-kommunikation.de\/wp-content\/uploads\/2025\/03\/Tanja-Test2-880x880.jpg 880w, https:\/\/2026.mensch-und-kommunikation.de\/wp-content\/uploads\/2025\/03\/Tanja-Test2-260x260.jpg 260w, https:\/\/2026.mensch-und-kommunikation.de\/wp-content\/uploads\/2025\/03\/Tanja-Test2.jpg 2000w\" sizes=\"auto, (max-width: 516px) 100vw, 516px\" \/>\n                    <div><p class=\"h4\">Tanja Fa\u00dfbinder<\/p>\n\n                    Head of HR             <\/div>\n               <\/div>\n\t\t    <\/div>\n        <\/div>\n        <div class=\"col-8 col-lg-2\">\n\n<div class=\"slider slider-2\" id=\"slider-4438-2\" data-slick='{\"arrows\": false, \"autoplay\": false, \"slidesToShow\": 4, \"asNavFor\":\"#slider-4438\", \"vertical\":true,\"responsive\": [{\"breakpoint\":768,\"settings\":{\"slidesToShow\": 3, \"vertical\": false}}]}'>   \n                          \n\t\t     <div class=\"item\">\n     \n     <img loading=\"lazy\" decoding=\"async\" width=\"81\" height=\"95\" src=\"https:\/\/2026.mensch-und-kommunikation.de\/wp-content\/uploads\/2025\/04\/Nina-Mueller-1-81x95.webp\" class=\"attachment-team-slider-small size-team-slider-small\" alt=\"Eine selbstbewusste Frau, Nina M\u00fcller, mit kurzen blonden Haaren und schwarzer Brille steht drinnen, tr\u00e4gt ein schwarzes kurz\u00e4rmeliges Hemd mit Kn\u00f6pfen und eine schwarze Hose, l\u00e4chelt leicht und hat die H\u00e4nde in den Taschen.\" \/>\n          \n     <\/div>\n              \n\t\t     <div class=\"item\">\n     \n     <img loading=\"lazy\" decoding=\"async\" width=\"81\" height=\"95\" src=\"https:\/\/2026.mensch-und-kommunikation.de\/wp-content\/uploads\/2025\/03\/Tanja-Test2-81x95.jpg\" class=\"attachment-team-slider-small size-team-slider-small\" alt=\"Eine Frau mit kurzen braunen Haaren, einer blauen Bluse und einem dunklen Blazer steht l\u00e4chelnd in einem gut beleuchteten Flur mit Kunstwerken und Fotos an den W\u00e4nden.\" \/>\n          \n     <\/div>\n              \n\t\t            <div class=\"item\">\n<img loading=\"lazy\" decoding=\"async\" width=\"81\" height=\"95\" src=\"https:\/\/2026.mensch-und-kommunikation.de\/wp-content\/uploads\/2025\/03\/Vincent-Aretz-1-81x95.webp\" class=\"attachment-team-slider-small size-team-slider-small\" alt=\"Vincent Aretz. ein Mann mit langen, zur\u00fcckgebundenen Haaren und einem kurzen Bart l\u00e4chelt in die Kamera. Er tr\u00e4gt einen dunklen Pullover \u00fcber einem wei\u00dfen Kragenhemd und steht vor einer strukturierten, verwitterten Wand.\" \/>\n                    <\/div><\/div>\n<div class=\"\">\n                <div class=\"slider-controls\">\n    <button class=\"slider-control-prev me-2\" data-target=\"#slider-4438\"  data-slide=\"prev\" aria-label=\"Vorheriger Slide\">\n\t\t<span class=\"slider-control-prev-icon\" aria-hidden=\"true\"><svg xmlns=\"http:\/\/www.w3.org\/2000\/svg\" width=\"35\" height=\"35\" viewBox=\"0 0 35 35\">\n  <g id=\"Group_103\" data-name=\"Group 103\" transform=\"translate(1485 6587) rotate(180)\">\n    <circle id=\"Ellipse_62\" data-name=\"Ellipse 62\" cx=\"17.5\" cy=\"17.5\" r=\"17.5\" transform=\"translate(1450 6552)\" fill=\"#00a1d8\"\/>\n    <path id=\"Path_45\" data-name=\"Path 45\" d=\"M0,7.1l7.1,7.1h3.756l-7.1-7.1,7.1-7.1H7.1Z\" transform=\"translate(1472.986 6577.006) rotate(180)\" fill=\"#fff\"\/>\n  <\/g>\n<\/svg>\n<\/span>\n\t<\/button>\n\t<button class=\"slider-control-next\" data-target=\"#slider-4438\"  data-slide=\"next\" aria-label=\"N\u00e4chster Slide\">\n\t\t<span class=\"slider-control-next-icon\" aria-hidden=\"true\"><svg xmlns=\"http:\/\/www.w3.org\/2000\/svg\" width=\"35\" height=\"35\" viewBox=\"0 0 35 35\">\n  <g id=\"Group_104\" data-name=\"Group 104\" transform=\"translate(-1450 -6552)\">\n    <circle id=\"Ellipse_62\" data-name=\"Ellipse 62\" cx=\"17.5\" cy=\"17.5\" r=\"17.5\" transform=\"translate(1450 6552)\" fill=\"#00a1d8\"\/>\n    <path id=\"Path_45\" data-name=\"Path 45\" d=\"M0,7.1l7.1,7.1h3.756l-7.1-7.1,7.1-7.1H7.1Z\" transform=\"translate(1472.986 6577.006) rotate(180)\" fill=\"#fff\"\/>\n  <\/g>\n<\/svg>\n<\/span>\n\t<\/button>\n<\/div>                <\/div>\n            <\/div>\n\n<\/div>            <\/div>\n                    <\/div>\n    <\/div>\n<\/section>\n\n<section id=\"block_1c0dc2223118fd62cc54008a5f67fd89\" class=\"block quote \">\n<img decoding=\"async\" class=\"bg-image\" src=\"https:\/\/2026.mensch-und-kommunikation.de\/wp-content\/themes\/m%26k\/_\/img\/quote-hintergrund.png\" \/>\n    <div class=\"container pt-normal pb-normal bg-no\">\n        <div class=\"row \">\n        \n            <div class=\"col-lg-auto mx-auto\">\n                <div class=\"textbox\">\n                \u201eIn der Rhetorik ist es der gr\u00f6\u00dfte Fehler, von der gebr\u00e4uchlichen Redeweise und dem gemeinen Menschenverstand abzuweichen. \u2014 Marcus Tullius Cicero                <\/div>\n            <\/div>\n        <\/div>\n    <\/div>\n<\/section><section id=\"block_028ace0007b7821bd4843ea9ff3acafb\" class=\"block news-teaser\">\n    <div class=\"container pt-normal pb-normal bg-no\">\n        <div class=\"row\">\n            <div class=\"col-lg-5\">\n                <h2><span class=\"textbg-inner\">News and knowledge<\/span> on the topic of rhetoric &amp; presentation<\/h2>\n<p>Helpful articles, videos and tools<\/p>\n            <\/div>\n            <div class=\"col-lg-4 offset-lg-3 align-self-end position-relative all-posts text-lg-end\">\n                                <div class=\"\">\n                    <p>\n                <a class=\"btn btn-primary\" href=\"https:\/\/2026.mensch-und-kommunikation.de\/en\/knowledge-hub\/\">All Posts<\/a>                 <\/p>\n                <\/div>\n                            <\/div>\n            <div class=\"col-12 mt-4\">\n                <div class=\"slider sameheightbox\" id=\"slider-block_028ace0007b7821bd4843ea9ff3acafb\" data-slick='{\"arrows\": false, \"autoplay\": false, \"slidesToShow\": 3,\"responsive\": [{\"breakpoint\":1400,\"settings\":{\"slidesToShow\": 3}},{\"breakpoint\":1200,\"settings\":{\"slidesToShow\": 2}},{\"breakpoint\":768,\"settings\":{\"slidesToShow\": 1}}]}'>   \n            <div>\n               <a class=\"\" href=\"https:\/\/2026.mensch-und-kommunikation.de\/en\/2024\/12\/12\/the-historical-background-to-situational-leadership-2\/\">                                <div class=\"item sameheightitem \">\n                               \n                                    <div class=\"image\"><img loading=\"lazy\" decoding=\"async\" width=\"500\" height=\"350\" src=\"https:\/\/2026.mensch-und-kommunikation.de\/wp-content\/uploads\/2024\/12\/Pyramidales-Praesentieren-500x350.webp\" class=\"attachment-news-bild size-news-bild\" alt=\"A man in a suit smiles and gestures while presenting learning myths in continuing education to colleagues in a bright office. He stands before a flipchart with graphs and notes, engaging with seated team members.\" \/><\/div>                                \n                                <div class=\"cat Background Info\">Background Info<\/div>                                <div class=\"textbox\">\n                                                                        <h3>The historical background to situational leadership<\/h3>\n                                    <div class=\"datum\">12.12.2024<\/div>                                    <div class=\"excerpt\"><p>Where does the concept of the situational leadership approach come from? The theories of Ken Blanchard and Paul Hersey <\/p>\n<\/div>\n                                                                    <\/div>\n                                <a class=\"more\" href=\"https:\/\/2026.mensch-und-kommunikation.de\/en\/2024\/12\/12\/the-historical-background-to-situational-leadership-2\/\"><svg xmlns=\"http:\/\/www.w3.org\/2000\/svg\" width=\"39\" height=\"39\" viewBox=\"0 0 39 39\">\n  <g id=\"Group_95\" data-name=\"Group 95\" transform=\"translate(-379 -8933)\">\n    <circle id=\"Ellipse_76\" data-name=\"Ellipse 76\" cx=\"19.5\" cy=\"19.5\" r=\"19.5\" transform=\"translate(379 8933)\" fill=\"#00a1d8\"\/>\n    <path id=\"Path_50\" data-name=\"Path 50\" d=\"M3878.419,293.358l7.886,7.886h4.171l-7.886-7.886,7.886-7.886h-4.171Z\" transform=\"translate(4282.948 9246.244) rotate(180)\" fill=\"#1a1a1a\"\/>\n  <\/g>\n<\/svg>\nRead Post<\/a>                            <\/div><\/a> <\/div>\n\t\t            <div>\n               <a class=\"\" href=\"https:\/\/2026.mensch-und-kommunikation.de\/en\/2024\/11\/02\/how-to-create-psychological-safety-in-the-workplace-as-a-manager-3\/\">                                <div class=\"item sameheightitem \">\n                               \n                                    <div class=\"image\"><img loading=\"lazy\" decoding=\"async\" width=\"500\" height=\"350\" src=\"https:\/\/2026.mensch-und-kommunikation.de\/wp-content\/uploads\/2024\/11\/aufbau-einer-rede-500x350.webp\" class=\"attachment-news-bild size-news-bild\" alt=\"Dozens of people work together to build a large wooden barn, assembling beams and installing red metal wall panels under a clear blue sky, fostering psychological safety in the workplace through teamwork and open communication.\" \/><\/div>                                \n                                <div class=\"cat Hintergrund\">Hintergrund<\/div>                                <div class=\"textbox\">\n                                                                        <h3>How to create psychological safety in the workplace as a manager<\/h3>\n                                    <div class=\"datum\">2.11.2024<\/div>                                    <div class=\"excerpt\"><p>How open communication, innovation and a sense of community shape the working atmosphere.<\/p>\n<\/div>\n                                                                    <\/div>\n                                <a class=\"more\" href=\"https:\/\/2026.mensch-und-kommunikation.de\/en\/2024\/11\/02\/how-to-create-psychological-safety-in-the-workplace-as-a-manager-3\/\"><svg xmlns=\"http:\/\/www.w3.org\/2000\/svg\" width=\"39\" height=\"39\" viewBox=\"0 0 39 39\">\n  <g id=\"Group_95\" data-name=\"Group 95\" transform=\"translate(-379 -8933)\">\n    <circle id=\"Ellipse_76\" data-name=\"Ellipse 76\" cx=\"19.5\" cy=\"19.5\" r=\"19.5\" transform=\"translate(379 8933)\" fill=\"#00a1d8\"\/>\n    <path id=\"Path_50\" data-name=\"Path 50\" d=\"M3878.419,293.358l7.886,7.886h4.171l-7.886-7.886,7.886-7.886h-4.171Z\" transform=\"translate(4282.948 9246.244) rotate(180)\" fill=\"#1a1a1a\"\/>\n  <\/g>\n<\/svg>\nRead Post<\/a>                            <\/div><\/a> <\/div>\n\t\t            <div>\n               <a class=\"\" href=\"https:\/\/2026.mensch-und-kommunikation.de\/en\/2024\/11\/01\/how-to-create-psychological-safety-in-the-workplace-as-a-manager-2\/\">                                <div class=\"item sameheightitem \">\n                               \n                                    <div class=\"image\"><img loading=\"lazy\" decoding=\"async\" width=\"500\" height=\"350\" src=\"https:\/\/2026.mensch-und-kommunikation.de\/wp-content\/uploads\/2025\/06\/innere-einstellung-in-der-rhetorik-500x350.webp\" class=\"attachment-news-bild size-news-bild\" alt=\"A small potted plant sits on a dark table next to a black letter board displaying the quote: \u201cDifficult roads lead to beautiful destinations,\u201d serving as a reminder of the importance of psychological safety in the workplace.\" \/><\/div>                                \n                                <div class=\"cat Hintergrund\">Hintergrund<\/div>                                <div class=\"textbox\">\n                                                                        <h3>How to create psychological safety in the workplace as a manager<\/h3>\n                                    <div class=\"datum\">1.11.2024<\/div>                                    <div class=\"excerpt\"><p>How open communication, innovation and a sense of community shape the working atmosphere.<\/p>\n<\/div>\n                                                                    <\/div>\n                                <a class=\"more\" href=\"https:\/\/2026.mensch-und-kommunikation.de\/en\/2024\/11\/01\/how-to-create-psychological-safety-in-the-workplace-as-a-manager-2\/\"><svg xmlns=\"http:\/\/www.w3.org\/2000\/svg\" width=\"39\" height=\"39\" viewBox=\"0 0 39 39\">\n  <g id=\"Group_95\" data-name=\"Group 95\" transform=\"translate(-379 -8933)\">\n    <circle id=\"Ellipse_76\" data-name=\"Ellipse 76\" cx=\"19.5\" cy=\"19.5\" r=\"19.5\" transform=\"translate(379 8933)\" fill=\"#00a1d8\"\/>\n    <path id=\"Path_50\" data-name=\"Path 50\" d=\"M3878.419,293.358l7.886,7.886h4.171l-7.886-7.886,7.886-7.886h-4.171Z\" transform=\"translate(4282.948 9246.244) rotate(180)\" fill=\"#1a1a1a\"\/>\n  <\/g>\n<\/svg>\nRead Post<\/a>                            <\/div><\/a> <\/div>\n\t\t                            <\/div>    <\/div>\n                <div class=\"col-lg-auto ms-auto mt-4 text-center d-xl-none\">\n                <div class=\"\">\n                    <div class=\"slider-controls\">\n    <button class=\"slider-control-prev me-2\" data-target=\"#slider-block_028ace0007b7821bd4843ea9ff3acafb\"  data-slide=\"prev\" aria-label=\"Vorheriger Slide\">\n\t\t<span class=\"slider-control-prev-icon\" aria-hidden=\"true\"><svg xmlns=\"http:\/\/www.w3.org\/2000\/svg\" width=\"35\" height=\"35\" viewBox=\"0 0 35 35\">\n  <g id=\"Group_103\" data-name=\"Group 103\" transform=\"translate(1485 6587) rotate(180)\">\n    <circle id=\"Ellipse_62\" data-name=\"Ellipse 62\" cx=\"17.5\" cy=\"17.5\" r=\"17.5\" transform=\"translate(1450 6552)\" fill=\"#00a1d8\"\/>\n    <path id=\"Path_45\" data-name=\"Path 45\" d=\"M0,7.1l7.1,7.1h3.756l-7.1-7.1,7.1-7.1H7.1Z\" transform=\"translate(1472.986 6577.006) rotate(180)\" fill=\"#fff\"\/>\n  <\/g>\n<\/svg>\n<\/span>\n\t<\/button>\n\t<button class=\"slider-control-next\" data-target=\"#slider-block_028ace0007b7821bd4843ea9ff3acafb\"  data-slide=\"next\" aria-label=\"N\u00e4chster Slide\">\n\t\t<span class=\"slider-control-next-icon\" aria-hidden=\"true\"><svg xmlns=\"http:\/\/www.w3.org\/2000\/svg\" width=\"35\" height=\"35\" viewBox=\"0 0 35 35\">\n  <g id=\"Group_104\" data-name=\"Group 104\" transform=\"translate(-1450 -6552)\">\n    <circle id=\"Ellipse_62\" data-name=\"Ellipse 62\" cx=\"17.5\" cy=\"17.5\" r=\"17.5\" transform=\"translate(1450 6552)\" fill=\"#00a1d8\"\/>\n    <path id=\"Path_45\" data-name=\"Path 45\" d=\"M0,7.1l7.1,7.1h3.756l-7.1-7.1,7.1-7.1H7.1Z\" transform=\"translate(1472.986 6577.006) rotate(180)\" fill=\"#fff\"\/>\n  <\/g>\n<\/svg>\n<\/span>\n\t<\/button>\n<\/div>                <\/div>\n            <\/div>\n        \n        <\/div>\n    <\/div>\n<\/section>\n<div class=\"reusable-block block reusable-bg-no\">\n  <section id=\"contact\" class=\"block zweispalter\">\n    <div class=\"container pt-normal pb-normal bg-no\">\n        <div class=\"row sameheightbox\">\n                    <div class=\"col-lg-6 linke-spalte position-relative mb-5 mb-lg-0\">\n                <img loading=\"lazy\" decoding=\"async\" width=\"632\" height=\"498\" src=\"https:\/\/2026.mensch-und-kommunikation.de\/wp-content\/uploads\/2025\/04\/Group-359.png\" class=\"attachment-zweispalter size-zweispalter\" alt=\"Jaqui Mackedanz, eine Frau mit langem, welligem blondem Haar, die einen braunen Blazer \u00fcber einem schwarzen Spitzentop tr\u00e4gt, steht vor \u00fcberlappenden blauen und gr\u00fcnen Kreisgrafiken.\" srcset=\"https:\/\/2026.mensch-und-kommunikation.de\/wp-content\/uploads\/2025\/04\/Group-359.png 632w, https:\/\/2026.mensch-und-kommunikation.de\/wp-content\/uploads\/2025\/04\/Group-359-300x236.png 300w, https:\/\/2026.mensch-und-kommunikation.de\/wp-content\/uploads\/2025\/04\/Group-359-260x205.png 260w\" sizes=\"auto, (max-width: 632px) 100vw, 632px\" \/><div class=\"module text rahmen\">\n        <p><strong>Jaqui Mackedanz<\/strong><br \/>\nL&amp;D Specialist<br \/>\n<a class=\"maillink\" href=\"mailto:info@menschundkommunikation.de\">info@menschundkommunikation.de<\/a><br \/>\n<a class=\"phonelink\" href=\"tel:+49%20(89)%2041%2061%2037%20800\">+49 (89) 41 61 37 800<\/a><\/p>\n\n    <\/div>            <\/div>\n            <div class=\"col-lg-6 rechte-spalte position-relative\">\n                <div class=\"module text \">\n        <h2><span class=\"textbg-inner\">Contact us<\/span><\/h2>\n<p>Communication begins with contact. Thank you for making contact &#8211; we will be happy to get in touch with you.<\/p>\n<p class=\"wpcf7-contact-form-not-found\"><strong>Error:<\/strong> Contact form not found.<\/p>\n\n    <\/div>            <\/div>\n                    <\/div>\n    <\/div>\n<\/section>\n\n<\/div> <script type=\"application\/ld+json\">\n    {\n      \"@context\": \"https:\/\/schema.org\",\n      \"@type\": \"FAQPage\",\n      \"mainEntity\": [\n\n                {\n        \"@type\": \"Question\",\n        \"name\": \"F\u00fcr wen ist ein Rhetoriktraining sinnvoll?\",\n        \"acceptedAnswer\": {\n          \"@type\": \"Answer\",\n          \"text\": \"<p>Ein Rhetoriktraining eignet sich f\u00fcr alle, die ihre kommunikativen F\u00e4higkeiten gezielt verbessern m\u00f6chten \u2013 unabh\u00e4ngig von Branche oder Position. Besonders profitieren Fach- und F\u00fchrungskr\u00e4fte, die regelm\u00e4\u00dfig pr\u00e4sentieren, \u00fcberzeugen oder Diskussionen leiten. Auch f\u00fcr Mitarbeitende im Vertrieb, Projektmanagement oder in beratenden Funktionen ist ein professionelles Rhetoriktraining von gro\u00dfem Nutzen.<\/p>\"\n        }\n      },        {\n        \"@type\": \"Question\",\n        \"name\": \"Was sind die Inhalte eines Rhetoriktrainings?\",\n        \"acceptedAnswer\": {\n          \"@type\": \"Answer\",\n          \"text\": \"<p>Im Rhetoriktraining bei mensch &amp; kommunikation stehen folgende Themen im Mittelpunkt:<\/p><br \/>\n<ul><br \/>\n<li>Wirkungsvolle Argumentation und \u00dcberzeugungstechniken<\/li><br \/>\n<li>Klarer und strukturierter Ausdruck<\/li><br \/>\n<li>Authentische K\u00f6rpersprache und souver\u00e4ne Stimme<\/li><br \/>\n<li>Umgang mit Lampenfieber und schwierigen Gespr\u00e4chssituationen<\/li><br \/>\n<li>Schlagfertigkeit und Einwandbehandlung<\/li><br \/>\n<li>Storytelling f\u00fcr mehr Wirkung in Vortr\u00e4gen und Gespr\u00e4chen<\/li><br \/>\n<\/ul>\"\n        }\n      },        {\n        \"@type\": \"Question\",\n        \"name\": \"Was ist der Unterschied zwischen einem Rhetoriktraining und einem Pr\u00e4sentationstraining?\",\n        \"acceptedAnswer\": {\n          \"@type\": \"Answer\",\n          \"text\": \"<p>W\u00e4hrend sich das Pr\u00e4sentationstraining auf den strukturierten Aufbau und die Durchf\u00fchrung von Vortr\u00e4gen konzentriert, geht es im Rhetoriktraining umfassender um die Kunst der wirkungsvollen Kommunikation \u2013 sowohl im Gespr\u00e4ch als auch in Verhandlungen, Diskussionen oder Meetings. Rhetoriktraining st\u00e4rkt die eigene \u00dcberzeugungskraft in unterschiedlichsten Gespr\u00e4chssituationen.<\/p><br \/>\n<p>&nbsp;<\/p>\"\n        }\n      },        {\n        \"@type\": \"Question\",\n        \"name\": \"Wie l\u00e4uft ein Rhetoriktraining bei mensch & kommunikation ab?\",\n        \"acceptedAnswer\": {\n          \"@type\": \"Answer\",\n          \"text\": \"<p>Unser Rhetoriktraining ist praxisorientiert und individuell auf die Teilnehmenden abgestimmt. In kleinen Gruppen oder Einzelcoachings arbeiten wir mit:<\/p><br \/>\n<ul><br \/>\n<li>vielen praktischen \u00dcbungen und Rollenspielen<\/li><br \/>\n<li>Videoanalysen mit individuellem Feedback<\/li><br \/>\n<li>konkreten Fallbeispielen aus dem Arbeitsalltag<\/li><br \/>\n<li>pers\u00f6nlicher St\u00e4rken- und Entwicklungsanalyse<\/li><br \/>\n<\/ul>\"\n        }\n      },        {\n        \"@type\": \"Question\",\n        \"name\": \"Bietet mensch & kommunikation auch Online-Rhetoriktrainings an?\",\n        \"acceptedAnswer\": {\n          \"@type\": \"Answer\",\n          \"text\": \"<p>Ja. Unsere Rhetoriktrainings sind sowohl als Pr\u00e4senztraining, als reines Online-Training als auch im Blended Learning-Format buchbar. So k\u00f6nnen wir die Trainings flexibel an Ihre Bed\u00fcrfnisse und die Ihrer Organisation anpassen.<\/p>\"\n        }\n      },        {\n        \"@type\": \"Question\",\n        \"name\": \"Wie lange dauert ein Rhetoriktraining?\",\n        \"acceptedAnswer\": {\n          \"@type\": \"Answer\",\n          \"text\": \"<p>Die Dauer des Rhetoriktrainings richtet sich nach dem Bedarf:<\/p><br \/>\n<ul><br \/>\n<li>Kompakttrainings: 1\/2\u20131 Tage<\/li><br \/>\n<li>Intensivtrainings: 2 Tage<\/li><br \/>\n<li>Begleitende Coaching-Programme \u00fcber mehrere Wochen oder Monate<\/li><br \/>\n<\/ul><br \/>\n<p>Gerne entwickeln wir gemeinsam mit Ihnen das passende Format.<\/p>\"\n        }\n      },        {\n        \"@type\": \"Question\",\n        \"name\": \"Wie gro\u00df sind die Gruppen beim Rhetoriktraining?\",\n        \"acceptedAnswer\": {\n          \"@type\": \"Answer\",\n          \"text\": \"<p>Damit wir intensiv und individuell arbeiten k\u00f6nnen, liegt die Gruppengr\u00f6\u00dfe in unseren Rhetoriktrainings meist zwischen 4 und 8 Teilnehmenden. So stellen wir sicher, dass jede Person ausreichend Gelegenheit hat, aktiv zu \u00fcben und individuelles Feedback zu erhalten.<\/p>\"\n        }\n      },        {\n        \"@type\": \"Question\",\n        \"name\": \"Warum sollte ich ein Rhetoriktraining bei mensch & kommunikation buchen?\",\n        \"acceptedAnswer\": {\n          \"@type\": \"Answer\",\n          \"text\": \"<p>Unsere Trainerinnen und Trainer verbinden fundiertes Fachwissen mit jahrelanger Praxiserfahrung. Im Mittelpunkt unseres Rhetoriktrainings stehen:<\/p><br \/>\n<ul><br \/>\n<li>hohe Praxisorientierung<\/li><br \/>\n<li>individuelle Betreuung<\/li><br \/>\n<li>nachhaltige Lernmethoden<\/li><br \/>\n<li>vertrauensvolle Trainingsatmosph\u00e4re<\/li><br \/>\n<\/ul><br \/>\n<p>Wir schaffen einen gesch\u00fctzten Rahmen, in dem Sie Neues ausprobieren und Ihre rhetorischen F\u00e4higkeiten gezielt weiterentwickeln k\u00f6nnen.<\/p><br \/>\n<p>&nbsp;<\/p>\"\n        }\n      }]\n    }\n    <\/script>\n\n<section id=\"faq\" class=\"block akkordeon\">\n    <div class=\"container pt-normal pb-normal bg-no\">\n\n       \n        <div class=\"row\">\n                   \n                <div class=\"col-lg-5\">\n                    <h2><span class=\"textbg-inner\">FAQs<\/span> &#8211; frequently asked questions<\/h2>\n                <\/div>\n                <div class=\"w-100\"><\/div>\n        \n\n        <div class=\"row accordion sameheightbox\" id=\"accordion-1\">\n<div class=\"col-lg-6\"><div class=\"accordion-item \"><div class=\"accordion-header \" id=\"heading-1-item-1\"><button class=\"sameheightitem accordion-button collapsed\" type=\"button\" data-bs-toggle=\"collapse\" data-bs-target=\"#collapse-1-item-1\" aria-expanded=\"false\" aria-controls=\"collapse-1-item-1\"><span>F\u00fcr wen ist ein Rhetoriktraining sinnvoll?<\/span><\/button><\/div>\n                           <div id=\"collapse-1-item-1\" class=\"accordion-content accordion-collapse collapse\" aria-labelledby=\"heading-1-item-1\" data-bs-parent=\"#accordion-1\"><p>Ein Rhetoriktraining eignet sich f\u00fcr alle, die ihre kommunikativen F\u00e4higkeiten gezielt verbessern m\u00f6chten \u2013 unabh\u00e4ngig von Branche oder Position. Besonders profitieren Fach- und F\u00fchrungskr\u00e4fte, die regelm\u00e4\u00dfig pr\u00e4sentieren, \u00fcberzeugen oder Diskussionen leiten. Auch f\u00fcr Mitarbeitende im Vertrieb, Projektmanagement oder in beratenden Funktionen ist ein professionelles Rhetoriktraining von gro\u00dfem Nutzen.<\/p>\n<\/div><\/div><div class=\"accordion-item \"><div class=\"accordion-header \" id=\"heading-1-item-3\"><button class=\"sameheightitem accordion-button collapsed\" type=\"button\" data-bs-toggle=\"collapse\" data-bs-target=\"#collapse-1-item-3\" aria-expanded=\"false\" aria-controls=\"collapse-1-item-3\"><span>Was ist der Unterschied zwischen einem Rhetoriktraining und einem Pr\u00e4sentationstraining?<\/span><\/button><\/div>\n                           <div id=\"collapse-1-item-3\" class=\"accordion-content accordion-collapse collapse\" aria-labelledby=\"heading-1-item-3\" data-bs-parent=\"#accordion-1\"><p>W\u00e4hrend sich das Pr\u00e4sentationstraining auf den strukturierten Aufbau und die Durchf\u00fchrung von Vortr\u00e4gen konzentriert, geht es im Rhetoriktraining umfassender um die Kunst der wirkungsvollen Kommunikation \u2013 sowohl im Gespr\u00e4ch als auch in Verhandlungen, Diskussionen oder Meetings. Rhetoriktraining st\u00e4rkt die eigene \u00dcberzeugungskraft in unterschiedlichsten Gespr\u00e4chssituationen.<\/p>\n<p>&nbsp;<\/p>\n<\/div><\/div><div class=\"accordion-item \"><div class=\"accordion-header \" id=\"heading-1-item-5\"><button class=\"sameheightitem accordion-button collapsed\" type=\"button\" data-bs-toggle=\"collapse\" data-bs-target=\"#collapse-1-item-5\" aria-expanded=\"false\" aria-controls=\"collapse-1-item-5\"><span>Bietet mensch &#038; kommunikation auch Online-Rhetoriktrainings an?<\/span><\/button><\/div>\n                           <div id=\"collapse-1-item-5\" class=\"accordion-content accordion-collapse collapse\" aria-labelledby=\"heading-1-item-5\" data-bs-parent=\"#accordion-1\"><p>Ja. Unsere Rhetoriktrainings sind sowohl als Pr\u00e4senztraining, als reines Online-Training als auch im Blended Learning-Format buchbar. So k\u00f6nnen wir die Trainings flexibel an Ihre Bed\u00fcrfnisse und die Ihrer Organisation anpassen.<\/p>\n<\/div><\/div><div class=\"accordion-item \"><div class=\"accordion-header \" id=\"heading-1-item-7\"><button class=\"sameheightitem accordion-button collapsed\" type=\"button\" data-bs-toggle=\"collapse\" data-bs-target=\"#collapse-1-item-7\" aria-expanded=\"false\" aria-controls=\"collapse-1-item-7\"><span>Wie gro\u00df sind die Gruppen beim Rhetoriktraining?<\/span><\/button><\/div>\n                           <div id=\"collapse-1-item-7\" class=\"accordion-content accordion-collapse collapse\" aria-labelledby=\"heading-1-item-7\" data-bs-parent=\"#accordion-1\"><p>Damit wir intensiv und individuell arbeiten k\u00f6nnen, liegt die Gruppengr\u00f6\u00dfe in unseren Rhetoriktrainings meist zwischen 4 und 8 Teilnehmenden. So stellen wir sicher, dass jede Person ausreichend Gelegenheit hat, aktiv zu \u00fcben und individuelles Feedback zu erhalten.<\/p>\n<\/div><\/div><\/div><div class=\"col-lg-6\"><div class=\"accordion-item\"><div class=\"accordion-header \" id=\"heading-1-item-2\"><button class=\"sameheightitem accordion-button collapsed\" type=\"button\" data-bs-toggle=\"collapse\" data-bs-target=\"#collapse-1-item-2\" aria-expanded=\"false\" aria-controls=\"collapse-1-item-2\"><span>Was sind die Inhalte eines Rhetoriktrainings?<\/span><\/button><\/div>\n                        <div id=\"collapse-1-item-2\" class=\"accordion-content accordion-collapse collapse\" aria-labelledby=\"heading-1-item-2\" data-bs-parent=\"#accordion-1\"><p>Im Rhetoriktraining bei mensch &amp; kommunikation stehen folgende Themen im Mittelpunkt:<\/p>\n<ul>\n<li>Wirkungsvolle Argumentation und \u00dcberzeugungstechniken<\/li>\n<li>Klarer und strukturierter Ausdruck<\/li>\n<li>Authentische K\u00f6rpersprache und souver\u00e4ne Stimme<\/li>\n<li>Umgang mit Lampenfieber und schwierigen Gespr\u00e4chssituationen<\/li>\n<li>Schlagfertigkeit und Einwandbehandlung<\/li>\n<li>Storytelling f\u00fcr mehr Wirkung in Vortr\u00e4gen und Gespr\u00e4chen<\/li>\n<\/ul>\n<\/div><\/div><div class=\"accordion-item\"><div class=\"accordion-header \" id=\"heading-1-item-4\"><button class=\"sameheightitem accordion-button collapsed\" type=\"button\" data-bs-toggle=\"collapse\" data-bs-target=\"#collapse-1-item-4\" aria-expanded=\"false\" aria-controls=\"collapse-1-item-4\"><span>Wie l\u00e4uft ein Rhetoriktraining bei mensch &#038; kommunikation ab?<\/span><\/button><\/div>\n                        <div id=\"collapse-1-item-4\" class=\"accordion-content accordion-collapse collapse\" aria-labelledby=\"heading-1-item-4\" data-bs-parent=\"#accordion-1\"><p>Unser Rhetoriktraining ist praxisorientiert und individuell auf die Teilnehmenden abgestimmt. In kleinen Gruppen oder Einzelcoachings arbeiten wir mit:<\/p>\n<ul>\n<li>vielen praktischen \u00dcbungen und Rollenspielen<\/li>\n<li>Videoanalysen mit individuellem Feedback<\/li>\n<li>konkreten Fallbeispielen aus dem Arbeitsalltag<\/li>\n<li>pers\u00f6nlicher St\u00e4rken- und Entwicklungsanalyse<\/li>\n<\/ul>\n<\/div><\/div><div class=\"accordion-item\"><div class=\"accordion-header \" id=\"heading-1-item-6\"><button class=\"sameheightitem accordion-button collapsed\" type=\"button\" data-bs-toggle=\"collapse\" data-bs-target=\"#collapse-1-item-6\" aria-expanded=\"false\" aria-controls=\"collapse-1-item-6\"><span>Wie lange dauert ein Rhetoriktraining?<\/span><\/button><\/div>\n                        <div id=\"collapse-1-item-6\" class=\"accordion-content accordion-collapse collapse\" aria-labelledby=\"heading-1-item-6\" data-bs-parent=\"#accordion-1\"><p>Die Dauer des Rhetoriktrainings richtet sich nach dem Bedarf:<\/p>\n<ul>\n<li>Kompakttrainings: 1\/2\u20131 Tage<\/li>\n<li>Intensivtrainings: 2 Tage<\/li>\n<li>Begleitende Coaching-Programme \u00fcber mehrere Wochen oder Monate<\/li>\n<\/ul>\n<p>Gerne entwickeln wir gemeinsam mit Ihnen das passende Format.<\/p>\n<\/div><\/div><div class=\"accordion-item\"><div class=\"accordion-header \" id=\"heading-1-item-8\"><button class=\"sameheightitem accordion-button collapsed\" type=\"button\" data-bs-toggle=\"collapse\" data-bs-target=\"#collapse-1-item-8\" aria-expanded=\"false\" aria-controls=\"collapse-1-item-8\"><span>Warum sollte ich ein Rhetoriktraining bei mensch &#038; kommunikation buchen?<\/span><\/button><\/div>\n                        <div id=\"collapse-1-item-8\" class=\"accordion-content accordion-collapse collapse\" aria-labelledby=\"heading-1-item-8\" data-bs-parent=\"#accordion-1\"><p>Unsere Trainerinnen und Trainer verbinden fundiertes Fachwissen mit jahrelanger Praxiserfahrung. Im Mittelpunkt unseres Rhetoriktrainings stehen:<\/p>\n<ul>\n<li>hohe Praxisorientierung<\/li>\n<li>individuelle Betreuung<\/li>\n<li>nachhaltige Lernmethoden<\/li>\n<li>vertrauensvolle Trainingsatmosph\u00e4re<\/li>\n<\/ul>\n<p>Wir schaffen einen gesch\u00fctzten Rahmen, in dem Sie Neues ausprobieren und Ihre rhetorischen F\u00e4higkeiten gezielt weiterentwickeln k\u00f6nnen.<\/p>\n<p>&nbsp;<\/p>\n<\/div><\/div><\/div>                    <\/div>\n           \n\n\n        <\/div>\n    <\/div>\n<\/section>\n\n","protected":false},"excerpt":{"rendered":"","protected":false},"author":2,"featured_media":0,"parent":0,"menu_order":50,"comment_status":"closed","ping_status":"closed","template":"","meta":{"_acf_changed":false,"footnotes":""},"class_list":["post-4438","page","type-page","status-publish","hentry"],"acf":[],"yoast_head":"<!-- This site is optimized with the Yoast SEO Premium plugin v27.2 (Yoast SEO v28.3) - https:\/\/yoast.com\/product\/yoast-seo-premium-wordpress\/ -->\n<title>Rhetoric &amp; Presentation - mensch &amp; kommunikation<\/title>\n<meta name=\"description\" content=\"Present with impact: Discover presentation training for clear messages, a convincing appearance and a strong presence - online &amp; in person.\" \/>\n<meta name=\"robots\" content=\"index, follow, max-snippet:-1, max-image-preview:large, max-video-preview:-1\" \/>\n<link rel=\"canonical\" href=\"https:\/\/2026.mensch-und-kommunikation.de\/en\/rhetoric-presentation-3\/\" \/>\n<meta property=\"og:locale\" content=\"en_US\" \/>\n<meta property=\"og:type\" content=\"article\" \/>\n<meta property=\"og:title\" content=\"Rhetoric &amp; Presentation\" \/>\n<meta property=\"og:description\" content=\"Present with impact: Discover presentation training for clear messages, a convincing appearance and a strong presence - online &amp; in person.\" \/>\n<meta property=\"og:url\" content=\"https:\/\/2026.mensch-und-kommunikation.de\/en\/rhetoric-presentation-3\/\" \/>\n<meta property=\"og:site_name\" content=\"mensch &amp; kommunikation\" \/>\n<meta name=\"twitter:card\" content=\"summary_large_image\" \/>\n<script type=\"application\/ld+json\" class=\"yoast-schema-graph\">{\"@context\":\"https:\\\/\\\/schema.org\",\"@graph\":[{\"@type\":\"WebPage\",\"@id\":\"https:\\\/\\\/2026.mensch-und-kommunikation.de\\\/en\\\/rhetoric-presentation-3\\\/\",\"url\":\"https:\\\/\\\/2026.mensch-und-kommunikation.de\\\/en\\\/rhetoric-presentation-3\\\/\",\"name\":\"Rhetoric &amp; Presentation - mensch &amp; kommunikation\",\"isPartOf\":{\"@id\":\"https:\\\/\\\/2026.mensch-und-kommunikation.de\\\/en\\\/#website\"},\"datePublished\":\"2026-07-22T14:54:12+00:00\",\"description\":\"Present with impact: Discover presentation training for clear messages, a convincing appearance and a strong presence - online & in person.\",\"breadcrumb\":{\"@id\":\"https:\\\/\\\/2026.mensch-und-kommunikation.de\\\/en\\\/rhetoric-presentation-3\\\/#breadcrumb\"},\"inLanguage\":\"en-US\",\"potentialAction\":[{\"@type\":\"ReadAction\",\"target\":[\"https:\\\/\\\/2026.mensch-und-kommunikation.de\\\/en\\\/rhetoric-presentation-3\\\/\"]}]},{\"@type\":\"BreadcrumbList\",\"@id\":\"https:\\\/\\\/2026.mensch-und-kommunikation.de\\\/en\\\/rhetoric-presentation-3\\\/#breadcrumb\",\"itemListElement\":[{\"@type\":\"ListItem\",\"position\":1,\"name\":\"Home\",\"item\":\"https:\\\/\\\/2026.mensch-und-kommunikation.de\\\/en\\\/home-2\\\/\"},{\"@type\":\"ListItem\",\"position\":2,\"name\":\"Rhetoric &amp; Presentation\"}]},{\"@type\":\"WebSite\",\"@id\":\"https:\\\/\\\/2026.mensch-und-kommunikation.de\\\/en\\\/#website\",\"url\":\"https:\\\/\\\/2026.mensch-und-kommunikation.de\\\/en\\\/\",\"name\":\"mensch & kommunikation\",\"description\":\"learn. develop. grow.\",\"publisher\":{\"@id\":\"https:\\\/\\\/2026.mensch-und-kommunikation.de\\\/en\\\/#organization\"},\"alternateName\":\"m&k\",\"potentialAction\":[{\"@type\":\"SearchAction\",\"target\":{\"@type\":\"EntryPoint\",\"urlTemplate\":\"https:\\\/\\\/2026.mensch-und-kommunikation.de\\\/en\\\/?s={search_term_string}\"},\"query-input\":{\"@type\":\"PropertyValueSpecification\",\"valueRequired\":true,\"valueName\":\"search_term_string\"}}],\"inLanguage\":\"en-US\"},{\"@type\":\"Organization\",\"@id\":\"https:\\\/\\\/2026.mensch-und-kommunikation.de\\\/en\\\/#organization\",\"name\":\"mensch & kommunikation GmbH\",\"url\":\"https:\\\/\\\/2026.mensch-und-kommunikation.de\\\/en\\\/\",\"logo\":{\"@type\":\"ImageObject\",\"inLanguage\":\"en-US\",\"@id\":\"https:\\\/\\\/2026.mensch-und-kommunikation.de\\\/en\\\/#\\\/schema\\\/logo\\\/image\\\/\",\"url\":\"https:\\\/\\\/2026.mensch-und-kommunikation.de\\\/wp-content\\\/uploads\\\/2025\\\/05\\\/Logo-mk-Claim-2023-RGB-1000px-Kopie.jpg\",\"contentUrl\":\"https:\\\/\\\/2026.mensch-und-kommunikation.de\\\/wp-content\\\/uploads\\\/2025\\\/05\\\/Logo-mk-Claim-2023-RGB-1000px-Kopie.jpg\",\"width\":1000,\"height\":521,\"caption\":\"mensch & kommunikation GmbH\"},\"image\":{\"@id\":\"https:\\\/\\\/2026.mensch-und-kommunikation.de\\\/en\\\/#\\\/schema\\\/logo\\\/image\\\/\"},\"sameAs\":[\"https:\\\/\\\/www.linkedin.com\\\/company\\\/mensch-kommunikation-gmbh\"],\"description\":\"Die mensch & kommunikation GmbH ist ein seit 2011 etablierter Anbieter von Kommunikationtrainings und F\u00fchrungstrainings mit dem Fokus auf mittlere und gro\u00dfe Organisationen und Unternehmen. Wir sind als Blanchard Global Partner zertifiziert\",\"email\":\"info@menschundkommunikation.de\",\"telephone\":\"+49 89 41 61 37 800\",\"legalName\":\"mensch & kommunikation GmbH\",\"foundingDate\":\"2011-01-02\",\"vatID\":\"DE275433591\",\"duns\":\"341895701\",\"leiCode\":\"9845004FF1F8DC08B449\",\"numberOfEmployees\":{\"@type\":\"QuantitativeValue\",\"minValue\":\"1\",\"maxValue\":\"10\"}}]}<\/script>\n<!-- \/ Yoast SEO Premium plugin. -->","yoast_head_json":{"title":"Rhetoric &amp; Presentation - mensch &amp; kommunikation","description":"Present with impact: Discover presentation training for clear messages, a convincing appearance and a strong presence - online & in person.","robots":{"index":"index","follow":"follow","max-snippet":"max-snippet:-1","max-image-preview":"max-image-preview:large","max-video-preview":"max-video-preview:-1"},"canonical":"https:\/\/2026.mensch-und-kommunikation.de\/en\/rhetoric-presentation-3\/","og_locale":"en_US","og_type":"article","og_title":"Rhetoric &amp; Presentation","og_description":"Present with impact: Discover presentation training for clear messages, a convincing appearance and a strong presence - online & in person.","og_url":"https:\/\/2026.mensch-und-kommunikation.de\/en\/rhetoric-presentation-3\/","og_site_name":"mensch &amp; kommunikation","twitter_card":"summary_large_image","schema":{"@context":"https:\/\/schema.org","@graph":[{"@type":"WebPage","@id":"https:\/\/2026.mensch-und-kommunikation.de\/en\/rhetoric-presentation-3\/","url":"https:\/\/2026.mensch-und-kommunikation.de\/en\/rhetoric-presentation-3\/","name":"Rhetoric &amp; Presentation - mensch &amp; kommunikation","isPartOf":{"@id":"https:\/\/2026.mensch-und-kommunikation.de\/en\/#website"},"datePublished":"2026-07-22T14:54:12+00:00","description":"Present with impact: Discover presentation training for clear messages, a convincing appearance and a strong presence - online & in person.","breadcrumb":{"@id":"https:\/\/2026.mensch-und-kommunikation.de\/en\/rhetoric-presentation-3\/#breadcrumb"},"inLanguage":"en-US","potentialAction":[{"@type":"ReadAction","target":["https:\/\/2026.mensch-und-kommunikation.de\/en\/rhetoric-presentation-3\/"]}]},{"@type":"BreadcrumbList","@id":"https:\/\/2026.mensch-und-kommunikation.de\/en\/rhetoric-presentation-3\/#breadcrumb","itemListElement":[{"@type":"ListItem","position":1,"name":"Home","item":"https:\/\/2026.mensch-und-kommunikation.de\/en\/home-2\/"},{"@type":"ListItem","position":2,"name":"Rhetoric &amp; Presentation"}]},{"@type":"WebSite","@id":"https:\/\/2026.mensch-und-kommunikation.de\/en\/#website","url":"https:\/\/2026.mensch-und-kommunikation.de\/en\/","name":"mensch & kommunikation","description":"learn. develop. grow.","publisher":{"@id":"https:\/\/2026.mensch-und-kommunikation.de\/en\/#organization"},"alternateName":"m&k","potentialAction":[{"@type":"SearchAction","target":{"@type":"EntryPoint","urlTemplate":"https:\/\/2026.mensch-und-kommunikation.de\/en\/?s={search_term_string}"},"query-input":{"@type":"PropertyValueSpecification","valueRequired":true,"valueName":"search_term_string"}}],"inLanguage":"en-US"},{"@type":"Organization","@id":"https:\/\/2026.mensch-und-kommunikation.de\/en\/#organization","name":"mensch & kommunikation GmbH","url":"https:\/\/2026.mensch-und-kommunikation.de\/en\/","logo":{"@type":"ImageObject","inLanguage":"en-US","@id":"https:\/\/2026.mensch-und-kommunikation.de\/en\/#\/schema\/logo\/image\/","url":"https:\/\/2026.mensch-und-kommunikation.de\/wp-content\/uploads\/2025\/05\/Logo-mk-Claim-2023-RGB-1000px-Kopie.jpg","contentUrl":"https:\/\/2026.mensch-und-kommunikation.de\/wp-content\/uploads\/2025\/05\/Logo-mk-Claim-2023-RGB-1000px-Kopie.jpg","width":1000,"height":521,"caption":"mensch & kommunikation GmbH"},"image":{"@id":"https:\/\/2026.mensch-und-kommunikation.de\/en\/#\/schema\/logo\/image\/"},"sameAs":["https:\/\/www.linkedin.com\/company\/mensch-kommunikation-gmbh"],"description":"Die mensch & kommunikation GmbH ist ein seit 2011 etablierter Anbieter von Kommunikationtrainings und F\u00fchrungstrainings mit dem Fokus auf mittlere und gro\u00dfe Organisationen und Unternehmen. Wir sind als Blanchard Global Partner zertifiziert","email":"info@menschundkommunikation.de","telephone":"+49 89 41 61 37 800","legalName":"mensch & kommunikation GmbH","foundingDate":"2011-01-02","vatID":"DE275433591","duns":"341895701","leiCode":"9845004FF1F8DC08B449","numberOfEmployees":{"@type":"QuantitativeValue","minValue":"1","maxValue":"10"}}]}},"_links":{"self":[{"href":"https:\/\/2026.mensch-und-kommunikation.de\/en\/wp-json\/wp\/v2\/pages\/4438","targetHints":{"allow":["GET"]}}],"collection":[{"href":"https:\/\/2026.mensch-und-kommunikation.de\/en\/wp-json\/wp\/v2\/pages"}],"about":[{"href":"https:\/\/2026.mensch-und-kommunikation.de\/en\/wp-json\/wp\/v2\/types\/page"}],"author":[{"embeddable":true,"href":"https:\/\/2026.mensch-und-kommunikation.de\/en\/wp-json\/wp\/v2\/users\/2"}],"replies":[{"embeddable":true,"href":"https:\/\/2026.mensch-und-kommunikation.de\/en\/wp-json\/wp\/v2\/comments?post=4438"}],"version-history":[{"count":1,"href":"https:\/\/2026.mensch-und-kommunikation.de\/en\/wp-json\/wp\/v2\/pages\/4438\/revisions"}],"predecessor-version":[{"id":4439,"href":"https:\/\/2026.mensch-und-kommunikation.de\/en\/wp-json\/wp\/v2\/pages\/4438\/revisions\/4439"}],"wp:attachment":[{"href":"https:\/\/2026.mensch-und-kommunikation.de\/en\/wp-json\/wp\/v2\/media?parent=4438"}],"curies":[{"name":"wp","href":"https:\/\/api.w.org\/{rel}","templated":true}]}}